{"id":8293,"date":"2015-01-25T21:44:17","date_gmt":"2015-01-25T20:44:17","guid":{"rendered":"http:\/\/madeinzaragoza.es\/blog\/?page_id=8293"},"modified":"2018-07-04T05:29:12","modified_gmt":"2018-07-04T04:29:12","slug":"lab2034-un-relato-sobre-la-zaragoza-del-futuro","status":"publish","type":"page","link":"http:\/\/madeinzaragoza.es\/blog\/lab2034-un-relato-sobre-la-zaragoza-del-futuro\/","title":{"rendered":"LAB2034: un relato sobre la Zaragoza del futuro"},"content":{"rendered":"<p><a href=\"http:\/\/madeinzaragoza.es\/blog\/wp-content\/uploads\/2015\/01\/lab2034-crearlo.png\"><img loading=\"lazy\" decoding=\"async\" class=\"aligncenter size-full wp-image-8294\" src=\"http:\/\/madeinzaragoza.es\/blog\/wp-content\/uploads\/2015\/01\/lab2034-crearlo.png\" alt=\"lab2034-crearlo\" width=\"935\" height=\"323\" srcset=\"http:\/\/madeinzaragoza.es\/blog\/wp-content\/uploads\/2015\/01\/lab2034-crearlo.png 935w, http:\/\/madeinzaragoza.es\/blog\/wp-content\/uploads\/2015\/01\/lab2034-crearlo-300x103.png 300w, http:\/\/madeinzaragoza.es\/blog\/wp-content\/uploads\/2015\/01\/lab2034-crearlo-625x215.png 625w, http:\/\/madeinzaragoza.es\/blog\/wp-content\/uploads\/2015\/01\/lab2034-crearlo-180x62.png 180w, http:\/\/madeinzaragoza.es\/blog\/wp-content\/uploads\/2015\/01\/lab2034-crearlo-350x120.png 350w\" sizes=\"(max-width: 709px) 85vw, (max-width: 909px) 67vw, (max-width: 1362px) 62vw, 840px\" \/><\/a><\/p>\n<h2 style=\"text-align: center;\">Con LAB2034 queremos\u00a0hablar sobre\u00a0la Zaragoza del futuro.<\/h2>\n<p style=\"text-align: center;\"><strong><em>\u00bfHabr\u00e1 pantallas interactivas en las fachadas de los edificios? \u00bfSer\u00e1n todos los contenidos digitales? \u00bfHabr\u00e1 redes de transporte p\u00fablico masivo? \u00bfQu\u00e9 ser\u00e1 de la gran industria? \u00bfEl amor ser\u00e1 virtual? \u00bfTendremos nuestras propias huertas y seremos autosuficientes? \u00bfExistir\u00e1 una ciudadan\u00eda desprogramada y controlada?\u00a0<\/em><\/strong><\/p>\n<p>Abrir el futuro, reinventar\/reforzar la ciudad\/ciudadan\u00eda: los nuevos espacios para la econom\u00eda local. Introducir el debate de la econom\u00eda local, m\u00e1s all\u00e1 de sus aspectos relacionados con el empleo, es integrarla en torno a modelos que se\u00f1alan un futuro de responsabilidad colectiva. El reto es el de contextualizar argumentos, necesidades y tendencias que puedan dise\u00f1ar y desarrollar modelos inclusivos desde, por y para una sociedad m\u00e1s colaborativa. Que intenta superar los modelos de ciudad mercado y ofrecen v\u00edas de desarrollo para una ciudad de los comunes. En este sentido, el pensamiento de las econom\u00edas urbanas va m\u00e1s alla de sus contenidos f\u00edsicos y\/espaciales, de sus planteamientos esteticistas o funcionales, algo que fluye hacia una cartograf\u00eda de los comunes.<\/p>\n<p>Desde este razonamiento, desde esta perspectiva, buscar, localizar y plasmar esas tendencias ya no es solo responsabilidad de los \u201cexpertos\u201d sino un compromiso compartido.<\/p>\n<p>Esta es la intenci\u00f3n y esta es la propuesta: configurar un espacio de reflexi\u00f3n\/proposici\u00f3n que propicie la construcci\u00f3n colectiva de un modelo econ\u00f3mico para una ciudad comprometida. Porque la econom\u00eda no es solo mercado, la econom\u00eda no es \u00fanicamente intercambio de productos\/servicios. No podemos perder de vista que el modo en el que la entendemos contribuye de manera notable a formar la personalidad de las ciudades, de la ciudadan\u00eda, a constituir un modelo determinado de sociedad.<\/p>\n<p>&nbsp;<\/p>\n<h2 style=\"text-align: center;\">10 invitados seleccionados escriben 10 relatos. 1 relator online cuenta el proceso. 1 relator crea el Gran Relato\u00a0y un ilustrador dibuja el Mapa del Futuro de la Zaragoza del ma\u00f1ana.<\/h2>\n<div id='gallery-1' class='gallery galleryid-8293 gallery-columns-4 gallery-size-thumbnail'><figure class='gallery-item'>\n\t\t\t<div class='gallery-icon landscape'>\n\t\t\t\t<a href='http:\/\/madeinzaragoza.es\/blog\/wp-content\/uploads\/2015\/01\/Proceso-LAB-2.png'><img loading=\"lazy\" decoding=\"async\" width=\"150\" height=\"150\" src=\"http:\/\/madeinzaragoza.es\/blog\/wp-content\/uploads\/2015\/01\/Proceso-LAB-2-150x150.png\" class=\"attachment-thumbnail size-thumbnail\" alt=\"\" srcset=\"http:\/\/madeinzaragoza.es\/blog\/wp-content\/uploads\/2015\/01\/Proceso-LAB-2-150x150.png 150w, http:\/\/madeinzaragoza.es\/blog\/wp-content\/uploads\/2015\/01\/Proceso-LAB-2-160x160.png 160w, http:\/\/madeinzaragoza.es\/blog\/wp-content\/uploads\/2015\/01\/Proceso-LAB-2-40x40.png 40w, http:\/\/madeinzaragoza.es\/blog\/wp-content\/uploads\/2015\/01\/Proceso-LAB-2-70x70.png 70w\" sizes=\"(max-width: 150px) 85vw, 150px\" \/><\/a>\n\t\t\t<\/div><\/figure><figure class='gallery-item'>\n\t\t\t<div class='gallery-icon landscape'>\n\t\t\t\t<a href='http:\/\/madeinzaragoza.es\/blog\/wp-content\/uploads\/2015\/01\/Jose-Ramon-Beltran.png'><img loading=\"lazy\" decoding=\"async\" width=\"150\" height=\"150\" src=\"http:\/\/madeinzaragoza.es\/blog\/wp-content\/uploads\/2015\/01\/Jose-Ramon-Beltran-150x150.png\" class=\"attachment-thumbnail size-thumbnail\" alt=\"\" srcset=\"http:\/\/madeinzaragoza.es\/blog\/wp-content\/uploads\/2015\/01\/Jose-Ramon-Beltran-150x150.png 150w, http:\/\/madeinzaragoza.es\/blog\/wp-content\/uploads\/2015\/01\/Jose-Ramon-Beltran-160x160.png 160w, http:\/\/madeinzaragoza.es\/blog\/wp-content\/uploads\/2015\/01\/Jose-Ramon-Beltran-40x40.png 40w, http:\/\/madeinzaragoza.es\/blog\/wp-content\/uploads\/2015\/01\/Jose-Ramon-Beltran-70x70.png 70w\" sizes=\"(max-width: 150px) 85vw, 150px\" \/><\/a>\n\t\t\t<\/div><\/figure><figure class='gallery-item'>\n\t\t\t<div class='gallery-icon portrait'>\n\t\t\t\t<a href='http:\/\/madeinzaragoza.es\/blog\/wp-content\/uploads\/2015\/01\/Proceso-LAB-5.png'><img loading=\"lazy\" decoding=\"async\" width=\"150\" height=\"150\" src=\"http:\/\/madeinzaragoza.es\/blog\/wp-content\/uploads\/2015\/01\/Proceso-LAB-5-150x150.png\" class=\"attachment-thumbnail size-thumbnail\" alt=\"\" srcset=\"http:\/\/madeinzaragoza.es\/blog\/wp-content\/uploads\/2015\/01\/Proceso-LAB-5-150x150.png 150w, http:\/\/madeinzaragoza.es\/blog\/wp-content\/uploads\/2015\/01\/Proceso-LAB-5-160x160.png 160w, http:\/\/madeinzaragoza.es\/blog\/wp-content\/uploads\/2015\/01\/Proceso-LAB-5-40x40.png 40w, http:\/\/madeinzaragoza.es\/blog\/wp-content\/uploads\/2015\/01\/Proceso-LAB-5-70x70.png 70w\" sizes=\"(max-width: 150px) 85vw, 150px\" \/><\/a>\n\t\t\t<\/div><\/figure><figure class='gallery-item'>\n\t\t\t<div class='gallery-icon landscape'>\n\t\t\t\t<a href='http:\/\/madeinzaragoza.es\/blog\/wp-content\/uploads\/2015\/01\/Proceso-LAB-6.png'><img loading=\"lazy\" decoding=\"async\" width=\"150\" height=\"150\" src=\"http:\/\/madeinzaragoza.es\/blog\/wp-content\/uploads\/2015\/01\/Proceso-LAB-6-150x150.png\" class=\"attachment-thumbnail size-thumbnail\" alt=\"\" srcset=\"http:\/\/madeinzaragoza.es\/blog\/wp-content\/uploads\/2015\/01\/Proceso-LAB-6-150x150.png 150w, http:\/\/madeinzaragoza.es\/blog\/wp-content\/uploads\/2015\/01\/Proceso-LAB-6-160x160.png 160w, http:\/\/madeinzaragoza.es\/blog\/wp-content\/uploads\/2015\/01\/Proceso-LAB-6-40x40.png 40w, http:\/\/madeinzaragoza.es\/blog\/wp-content\/uploads\/2015\/01\/Proceso-LAB-6-70x70.png 70w\" sizes=\"(max-width: 150px) 85vw, 150px\" \/><\/a>\n\t\t\t<\/div><\/figure><figure class='gallery-item'>\n\t\t\t<div class='gallery-icon landscape'>\n\t\t\t\t<a href='http:\/\/madeinzaragoza.es\/blog\/wp-content\/uploads\/2015\/01\/Cristina-Monge.png'><img loading=\"lazy\" decoding=\"async\" width=\"150\" height=\"150\" src=\"http:\/\/madeinzaragoza.es\/blog\/wp-content\/uploads\/2015\/01\/Cristina-Monge-150x150.png\" class=\"attachment-thumbnail size-thumbnail\" alt=\"\" srcset=\"http:\/\/madeinzaragoza.es\/blog\/wp-content\/uploads\/2015\/01\/Cristina-Monge-150x150.png 150w, http:\/\/madeinzaragoza.es\/blog\/wp-content\/uploads\/2015\/01\/Cristina-Monge-160x160.png 160w, http:\/\/madeinzaragoza.es\/blog\/wp-content\/uploads\/2015\/01\/Cristina-Monge-40x40.png 40w, http:\/\/madeinzaragoza.es\/blog\/wp-content\/uploads\/2015\/01\/Cristina-Monge-70x70.png 70w\" sizes=\"(max-width: 150px) 85vw, 150px\" \/><\/a>\n\t\t\t<\/div><\/figure><figure class='gallery-item'>\n\t\t\t<div class='gallery-icon landscape'>\n\t\t\t\t<a href='http:\/\/madeinzaragoza.es\/blog\/wp-content\/uploads\/2015\/01\/David-Guirao.png'><img loading=\"lazy\" decoding=\"async\" width=\"150\" height=\"150\" src=\"http:\/\/madeinzaragoza.es\/blog\/wp-content\/uploads\/2015\/01\/David-Guirao-150x150.png\" class=\"attachment-thumbnail size-thumbnail\" alt=\"\" srcset=\"http:\/\/madeinzaragoza.es\/blog\/wp-content\/uploads\/2015\/01\/David-Guirao-150x150.png 150w, http:\/\/madeinzaragoza.es\/blog\/wp-content\/uploads\/2015\/01\/David-Guirao-160x160.png 160w, http:\/\/madeinzaragoza.es\/blog\/wp-content\/uploads\/2015\/01\/David-Guirao-40x40.png 40w, http:\/\/madeinzaragoza.es\/blog\/wp-content\/uploads\/2015\/01\/David-Guirao-70x70.png 70w\" sizes=\"(max-width: 150px) 85vw, 150px\" \/><\/a>\n\t\t\t<\/div><\/figure><figure class='gallery-item'>\n\t\t\t<div class='gallery-icon landscape'>\n\t\t\t\t<a href='http:\/\/madeinzaragoza.es\/blog\/wp-content\/uploads\/2015\/01\/Isabel-Cebri\u00e1n.png'><img loading=\"lazy\" decoding=\"async\" width=\"150\" height=\"150\" src=\"http:\/\/madeinzaragoza.es\/blog\/wp-content\/uploads\/2015\/01\/Isabel-Cebri\u00e1n-150x150.png\" class=\"attachment-thumbnail size-thumbnail\" alt=\"\" srcset=\"http:\/\/madeinzaragoza.es\/blog\/wp-content\/uploads\/2015\/01\/Isabel-Cebri\u00e1n-150x150.png 150w, http:\/\/madeinzaragoza.es\/blog\/wp-content\/uploads\/2015\/01\/Isabel-Cebri\u00e1n-160x160.png 160w, http:\/\/madeinzaragoza.es\/blog\/wp-content\/uploads\/2015\/01\/Isabel-Cebri\u00e1n-40x40.png 40w, http:\/\/madeinzaragoza.es\/blog\/wp-content\/uploads\/2015\/01\/Isabel-Cebri\u00e1n-70x70.png 70w\" sizes=\"(max-width: 150px) 85vw, 150px\" \/><\/a>\n\t\t\t<\/div><\/figure><figure class='gallery-item'>\n\t\t\t<div class='gallery-icon landscape'>\n\t\t\t\t<a href='http:\/\/madeinzaragoza.es\/blog\/wp-content\/uploads\/2015\/01\/Javier-Albisu.png'><img loading=\"lazy\" decoding=\"async\" width=\"150\" height=\"150\" src=\"http:\/\/madeinzaragoza.es\/blog\/wp-content\/uploads\/2015\/01\/Javier-Albisu-150x150.png\" class=\"attachment-thumbnail size-thumbnail\" alt=\"\" srcset=\"http:\/\/madeinzaragoza.es\/blog\/wp-content\/uploads\/2015\/01\/Javier-Albisu-150x150.png 150w, http:\/\/madeinzaragoza.es\/blog\/wp-content\/uploads\/2015\/01\/Javier-Albisu-160x160.png 160w, http:\/\/madeinzaragoza.es\/blog\/wp-content\/uploads\/2015\/01\/Javier-Albisu-40x40.png 40w, http:\/\/madeinzaragoza.es\/blog\/wp-content\/uploads\/2015\/01\/Javier-Albisu-70x70.png 70w\" sizes=\"(max-width: 150px) 85vw, 150px\" \/><\/a>\n\t\t\t<\/div><\/figure><figure class='gallery-item'>\n\t\t\t<div class='gallery-icon landscape'>\n\t\t\t\t<a href='http:\/\/madeinzaragoza.es\/blog\/wp-content\/uploads\/2015\/01\/Javier-Anos.png'><img loading=\"lazy\" decoding=\"async\" width=\"150\" height=\"150\" src=\"http:\/\/madeinzaragoza.es\/blog\/wp-content\/uploads\/2015\/01\/Javier-Anos-150x150.png\" class=\"attachment-thumbnail size-thumbnail\" alt=\"\" srcset=\"http:\/\/madeinzaragoza.es\/blog\/wp-content\/uploads\/2015\/01\/Javier-Anos-150x150.png 150w, http:\/\/madeinzaragoza.es\/blog\/wp-content\/uploads\/2015\/01\/Javier-Anos-160x160.png 160w, http:\/\/madeinzaragoza.es\/blog\/wp-content\/uploads\/2015\/01\/Javier-Anos-40x40.png 40w, http:\/\/madeinzaragoza.es\/blog\/wp-content\/uploads\/2015\/01\/Javier-Anos-70x70.png 70w\" sizes=\"(max-width: 150px) 85vw, 150px\" \/><\/a>\n\t\t\t<\/div><\/figure><figure class='gallery-item'>\n\t\t\t<div class='gallery-icon landscape'>\n\t\t\t\t<a href='http:\/\/madeinzaragoza.es\/blog\/wp-content\/uploads\/2015\/01\/Jose-Ramon-Beltran-y-Alejan.png'><img loading=\"lazy\" decoding=\"async\" width=\"150\" height=\"150\" src=\"http:\/\/madeinzaragoza.es\/blog\/wp-content\/uploads\/2015\/01\/Jose-Ramon-Beltran-y-Alejan-150x150.png\" class=\"attachment-thumbnail size-thumbnail\" alt=\"\" srcset=\"http:\/\/madeinzaragoza.es\/blog\/wp-content\/uploads\/2015\/01\/Jose-Ramon-Beltran-y-Alejan-150x150.png 150w, http:\/\/madeinzaragoza.es\/blog\/wp-content\/uploads\/2015\/01\/Jose-Ramon-Beltran-y-Alejan-160x160.png 160w, http:\/\/madeinzaragoza.es\/blog\/wp-content\/uploads\/2015\/01\/Jose-Ramon-Beltran-y-Alejan-40x40.png 40w, http:\/\/madeinzaragoza.es\/blog\/wp-content\/uploads\/2015\/01\/Jose-Ramon-Beltran-y-Alejan-70x70.png 70w\" sizes=\"(max-width: 150px) 85vw, 150px\" \/><\/a>\n\t\t\t<\/div><\/figure><figure class='gallery-item'>\n\t\t\t<div class='gallery-icon landscape'>\n\t\t\t\t<a href='http:\/\/madeinzaragoza.es\/blog\/wp-content\/uploads\/2015\/01\/Proceso-LAB-1.png'><img loading=\"lazy\" decoding=\"async\" width=\"150\" height=\"150\" src=\"http:\/\/madeinzaragoza.es\/blog\/wp-content\/uploads\/2015\/01\/Proceso-LAB-1-150x150.png\" class=\"attachment-thumbnail size-thumbnail\" alt=\"\" srcset=\"http:\/\/madeinzaragoza.es\/blog\/wp-content\/uploads\/2015\/01\/Proceso-LAB-1-150x150.png 150w, http:\/\/madeinzaragoza.es\/blog\/wp-content\/uploads\/2015\/01\/Proceso-LAB-1-160x160.png 160w, http:\/\/madeinzaragoza.es\/blog\/wp-content\/uploads\/2015\/01\/Proceso-LAB-1-40x40.png 40w, http:\/\/madeinzaragoza.es\/blog\/wp-content\/uploads\/2015\/01\/Proceso-LAB-1-70x70.png 70w\" sizes=\"(max-width: 150px) 85vw, 150px\" \/><\/a>\n\t\t\t<\/div><\/figure><figure class='gallery-item'>\n\t\t\t<div class='gallery-icon landscape'>\n\t\t\t\t<a href='http:\/\/madeinzaragoza.es\/blog\/wp-content\/uploads\/2015\/01\/Proceso-LAB-3.png'><img loading=\"lazy\" decoding=\"async\" width=\"150\" height=\"150\" src=\"http:\/\/madeinzaragoza.es\/blog\/wp-content\/uploads\/2015\/01\/Proceso-LAB-3-150x150.png\" class=\"attachment-thumbnail size-thumbnail\" alt=\"\" srcset=\"http:\/\/madeinzaragoza.es\/blog\/wp-content\/uploads\/2015\/01\/Proceso-LAB-3-150x150.png 150w, http:\/\/madeinzaragoza.es\/blog\/wp-content\/uploads\/2015\/01\/Proceso-LAB-3-160x160.png 160w, http:\/\/madeinzaragoza.es\/blog\/wp-content\/uploads\/2015\/01\/Proceso-LAB-3-40x40.png 40w, http:\/\/madeinzaragoza.es\/blog\/wp-content\/uploads\/2015\/01\/Proceso-LAB-3-70x70.png 70w\" sizes=\"(max-width: 150px) 85vw, 150px\" \/><\/a>\n\t\t\t<\/div><\/figure>\n\t\t<\/div>\n\n<p style=\"text-align: center;\">Ver storify con resumen de la actividad en redes sociales:\u00a0https:\/\/storify.com\/ZGZActiva\/<wbr \/>lab2034<\/p>\n<p style=\"text-align: center;\">Sigue la conversaci\u00f3n y participa utilizando el hashtag <a href=\"https:\/\/twitter.com\/search?q=lab2034&amp;src=typd\" target=\"_blank\">#LAB2034<\/a><\/p>\n<h2>Participantes y relatos<\/h2>\n<p><a href=\"http:\/\/madeinzaragoza.es\/blog\/lab2034-economias-creativas-en-la-zaragoza-de-2034-suenos-para-un-futuro-incierto\/\"><img loading=\"lazy\" decoding=\"async\" class=\"aligncenter wp-image-8308\" title=\"Relato sobre el futuro de las econom\u00edas creativas por Samuel Esteban\" src=\"http:\/\/madeinzaragoza.es\/blog\/wp-content\/uploads\/2015\/01\/samuel-esteban-creativa.png\" alt=\"Relato sobre el futuro de las econom\u00edas creativas por Samuel Esteban\" width=\"609\" height=\"210\" srcset=\"http:\/\/madeinzaragoza.es\/blog\/wp-content\/uploads\/2015\/01\/samuel-esteban-creativa.png 765w, http:\/\/madeinzaragoza.es\/blog\/wp-content\/uploads\/2015\/01\/samuel-esteban-creativa-300x103.png 300w, http:\/\/madeinzaragoza.es\/blog\/wp-content\/uploads\/2015\/01\/samuel-esteban-creativa-625x215.png 625w, http:\/\/madeinzaragoza.es\/blog\/wp-content\/uploads\/2015\/01\/samuel-esteban-creativa-180x62.png 180w, http:\/\/madeinzaragoza.es\/blog\/wp-content\/uploads\/2015\/01\/samuel-esteban-creativa-350x120.png 350w\" sizes=\"(max-width: 609px) 85vw, 609px\" \/><\/a><\/p>\n<p><a href=\"http:\/\/madeinzaragoza.es\/blog\/lab2034-economias-sociales-2034-abrir-paso-entre-la-economia-capitalista-publica\/\"><img loading=\"lazy\" decoding=\"async\" class=\"aligncenter wp-image-8316\" src=\"http:\/\/madeinzaragoza.es\/blog\/wp-content\/uploads\/2015\/01\/pilar-bernado-social.png\" alt=\"Relato sobre la econom\u00eda social en la Zaragoza del futuro por Pilar Bernad\u00f3\" width=\"609\" height=\"210\" srcset=\"http:\/\/madeinzaragoza.es\/blog\/wp-content\/uploads\/2015\/01\/pilar-bernado-social.png 765w, http:\/\/madeinzaragoza.es\/blog\/wp-content\/uploads\/2015\/01\/pilar-bernado-social-300x103.png 300w, http:\/\/madeinzaragoza.es\/blog\/wp-content\/uploads\/2015\/01\/pilar-bernado-social-625x215.png 625w, http:\/\/madeinzaragoza.es\/blog\/wp-content\/uploads\/2015\/01\/pilar-bernado-social-180x62.png 180w, http:\/\/madeinzaragoza.es\/blog\/wp-content\/uploads\/2015\/01\/pilar-bernado-social-350x120.png 350w\" sizes=\"(max-width: 609px) 85vw, 609px\" \/><\/a><\/p>\n<p><a href=\"http:\/\/madeinzaragoza.es\/blog\/lab2034-economia-verde-en-la-zaragoza-de-2034-los-modelos-de-produccion-desde-el-prisma-de-la-sostenibilidad\/\"><img loading=\"lazy\" decoding=\"async\" class=\"aligncenter wp-image-8317\" src=\"http:\/\/madeinzaragoza.es\/blog\/wp-content\/uploads\/2015\/01\/cristina-monge-verde.png\" alt=\"Relato sobre la ciudad verde del futuro por Cristina Monge\" width=\"609\" height=\"210\" srcset=\"http:\/\/madeinzaragoza.es\/blog\/wp-content\/uploads\/2015\/01\/cristina-monge-verde.png 765w, http:\/\/madeinzaragoza.es\/blog\/wp-content\/uploads\/2015\/01\/cristina-monge-verde-300x103.png 300w, http:\/\/madeinzaragoza.es\/blog\/wp-content\/uploads\/2015\/01\/cristina-monge-verde-625x215.png 625w, http:\/\/madeinzaragoza.es\/blog\/wp-content\/uploads\/2015\/01\/cristina-monge-verde-180x62.png 180w, http:\/\/madeinzaragoza.es\/blog\/wp-content\/uploads\/2015\/01\/cristina-monge-verde-350x120.png 350w\" sizes=\"(max-width: 609px) 85vw, 609px\" \/><\/a><\/p>\n<p><a href=\"http:\/\/madeinzaragoza.es\/blog\/lab2034-economia-digital-en-la-zaragoza-de-2034\/\"><img loading=\"lazy\" decoding=\"async\" class=\"aligncenter wp-image-8340 size-full\" src=\"http:\/\/madeinzaragoza.es\/blog\/wp-content\/uploads\/2015\/01\/carmen-marin-digital.png\" alt=\"Relato de Carmen Marin sobre la Zaragoza digital del futuro\" width=\"609\" height=\"210\" srcset=\"http:\/\/madeinzaragoza.es\/blog\/wp-content\/uploads\/2015\/01\/carmen-marin-digital.png 765w, http:\/\/madeinzaragoza.es\/blog\/wp-content\/uploads\/2015\/01\/carmen-marin-digital-300x103.png 300w, http:\/\/madeinzaragoza.es\/blog\/wp-content\/uploads\/2015\/01\/carmen-marin-digital-625x215.png 625w, http:\/\/madeinzaragoza.es\/blog\/wp-content\/uploads\/2015\/01\/carmen-marin-digital-180x62.png 180w, http:\/\/madeinzaragoza.es\/blog\/wp-content\/uploads\/2015\/01\/carmen-marin-digital-350x120.png 350w\" sizes=\"(max-width: 609px) 85vw, 609px\" \/><\/a><\/p>\n<p><a href=\"http:\/\/madeinzaragoza.es\/blog\/lab2034-economia-de-proximidad-en-la-zaragoza-de-2034\/\"><img loading=\"lazy\" decoding=\"async\" class=\"aligncenter wp-image-8496 size-full\" src=\"http:\/\/madeinzaragoza.es\/blog\/wp-content\/uploads\/2015\/01\/alejandro-calle-proximidad1.png\" alt=\"Alejandro Calle sobre Comercio de Proximidad\" width=\"609\" height=\"210\" srcset=\"http:\/\/madeinzaragoza.es\/blog\/wp-content\/uploads\/2015\/01\/alejandro-calle-proximidad1.png 765w, http:\/\/madeinzaragoza.es\/blog\/wp-content\/uploads\/2015\/01\/alejandro-calle-proximidad1-300x103.png 300w, http:\/\/madeinzaragoza.es\/blog\/wp-content\/uploads\/2015\/01\/alejandro-calle-proximidad1-625x215.png 625w, http:\/\/madeinzaragoza.es\/blog\/wp-content\/uploads\/2015\/01\/alejandro-calle-proximidad1-180x62.png 180w, http:\/\/madeinzaragoza.es\/blog\/wp-content\/uploads\/2015\/01\/alejandro-calle-proximidad1-350x120.png 350w\" sizes=\"(max-width: 609px) 85vw, 609px\" \/><\/a><\/p>\n<p><a href=\"http:\/\/madeinzaragoza.es\/blog\/lab2034-economia-de-colaborativa-en-la-zaragoza-de-2034\/\"><img loading=\"lazy\" decoding=\"async\" class=\"aligncenter wp-image-8506 size-full\" src=\"http:\/\/madeinzaragoza.es\/blog\/wp-content\/uploads\/2015\/01\/pilar-balet-colaborativa.png\" alt=\"Pilar Balet y su relato sobre Economia Colaborativa en el futuro\" width=\"609\" height=\"210\" srcset=\"http:\/\/madeinzaragoza.es\/blog\/wp-content\/uploads\/2015\/01\/pilar-balet-colaborativa.png 765w, http:\/\/madeinzaragoza.es\/blog\/wp-content\/uploads\/2015\/01\/pilar-balet-colaborativa-300x103.png 300w, http:\/\/madeinzaragoza.es\/blog\/wp-content\/uploads\/2015\/01\/pilar-balet-colaborativa-625x215.png 625w, http:\/\/madeinzaragoza.es\/blog\/wp-content\/uploads\/2015\/01\/pilar-balet-colaborativa-180x62.png 180w, http:\/\/madeinzaragoza.es\/blog\/wp-content\/uploads\/2015\/01\/pilar-balet-colaborativa-350x120.png 350w\" sizes=\"(max-width: 609px) 85vw, 609px\" \/><\/a><\/p>\n<p><a href=\"http:\/\/madeinzaragoza.es\/blog\/lab2034-economia-participativa-en-la-zaragoza-de-2034\/\"><img loading=\"lazy\" decoding=\"async\" class=\"aligncenter wp-image-8510 size-full\" src=\"http:\/\/madeinzaragoza.es\/blog\/wp-content\/uploads\/2015\/01\/isabel-cebrian-economia-par.png\" alt=\"Isabel Cebrian habla de economia participativa\" width=\"609\" height=\"210\" srcset=\"http:\/\/madeinzaragoza.es\/blog\/wp-content\/uploads\/2015\/01\/isabel-cebrian-economia-par.png 765w, http:\/\/madeinzaragoza.es\/blog\/wp-content\/uploads\/2015\/01\/isabel-cebrian-economia-par-300x103.png 300w, http:\/\/madeinzaragoza.es\/blog\/wp-content\/uploads\/2015\/01\/isabel-cebrian-economia-par-625x215.png 625w, http:\/\/madeinzaragoza.es\/blog\/wp-content\/uploads\/2015\/01\/isabel-cebrian-economia-par-180x62.png 180w, http:\/\/madeinzaragoza.es\/blog\/wp-content\/uploads\/2015\/01\/isabel-cebrian-economia-par-350x120.png 350w\" sizes=\"(max-width: 609px) 85vw, 609px\" \/><\/a><\/p>\n<p><a href=\"http:\/\/madeinzaragoza.es\/blog\/lab2034-economia-urbana-en-la-zaragoza-de-2034\/\"><img loading=\"lazy\" decoding=\"async\" class=\"aligncenter size-full wp-image-8564\" src=\"http:\/\/madeinzaragoza.es\/blog\/wp-content\/uploads\/2015\/01\/gravalos-ciudad-urbana.png\" alt=\"gravalos-ciudad-urbana\" width=\"609\" height=\"210\" srcset=\"http:\/\/madeinzaragoza.es\/blog\/wp-content\/uploads\/2015\/01\/gravalos-ciudad-urbana.png 765w, http:\/\/madeinzaragoza.es\/blog\/wp-content\/uploads\/2015\/01\/gravalos-ciudad-urbana-300x103.png 300w, http:\/\/madeinzaragoza.es\/blog\/wp-content\/uploads\/2015\/01\/gravalos-ciudad-urbana-625x215.png 625w, http:\/\/madeinzaragoza.es\/blog\/wp-content\/uploads\/2015\/01\/gravalos-ciudad-urbana-180x62.png 180w, http:\/\/madeinzaragoza.es\/blog\/wp-content\/uploads\/2015\/01\/gravalos-ciudad-urbana-350x120.png 350w\" sizes=\"(max-width: 609px) 85vw, 609px\" \/><\/a><\/p>\n<p><a href=\"http:\/\/madeinzaragoza.es\/blog\/lab2034-economia-del-ocio-en-la-zaragoza-de-2034\/\"><img loading=\"lazy\" decoding=\"async\" class=\"aligncenter wp-image-8565 size-full\" src=\"http:\/\/madeinzaragoza.es\/blog\/wp-content\/uploads\/2015\/01\/albisu-economia-ocio.png\" alt=\"Relato sobre la Economia del Ocio de la Zaragoza del futuro\" width=\"609\" height=\"210\" srcset=\"http:\/\/madeinzaragoza.es\/blog\/wp-content\/uploads\/2015\/01\/albisu-economia-ocio.png 765w, http:\/\/madeinzaragoza.es\/blog\/wp-content\/uploads\/2015\/01\/albisu-economia-ocio-300x103.png 300w, http:\/\/madeinzaragoza.es\/blog\/wp-content\/uploads\/2015\/01\/albisu-economia-ocio-625x215.png 625w, http:\/\/madeinzaragoza.es\/blog\/wp-content\/uploads\/2015\/01\/albisu-economia-ocio-180x62.png 180w, http:\/\/madeinzaragoza.es\/blog\/wp-content\/uploads\/2015\/01\/albisu-economia-ocio-350x120.png 350w\" sizes=\"(max-width: 609px) 85vw, 609px\" \/><\/a><\/p>\n<p><a href=\"http:\/\/madeinzaragoza.es\/blog\/lab2034-economia-industrial-en-la-zaragoza-de-2034\/\"><img loading=\"lazy\" decoding=\"async\" class=\"aligncenter wp-image-8569 size-full\" src=\"http:\/\/madeinzaragoza.es\/blog\/wp-content\/uploads\/2015\/01\/jose-ramon-beltran.png\" alt=\"Relato sobre la Economia Industrual del futuro\" width=\"609\" height=\"210\" srcset=\"http:\/\/madeinzaragoza.es\/blog\/wp-content\/uploads\/2015\/01\/jose-ramon-beltran.png 765w, http:\/\/madeinzaragoza.es\/blog\/wp-content\/uploads\/2015\/01\/jose-ramon-beltran-300x103.png 300w, http:\/\/madeinzaragoza.es\/blog\/wp-content\/uploads\/2015\/01\/jose-ramon-beltran-625x215.png 625w, http:\/\/madeinzaragoza.es\/blog\/wp-content\/uploads\/2015\/01\/jose-ramon-beltran-180x62.png 180w, http:\/\/madeinzaragoza.es\/blog\/wp-content\/uploads\/2015\/01\/jose-ramon-beltran-350x120.png 350w\" sizes=\"(max-width: 609px) 85vw, 609px\" \/><\/a><\/p>\n<p><a href=\"http:\/\/madeinzaragoza.es\/blog\/lab2034-el-gran-relato-he-tenido-un-sueno-recurrente\/\"><img loading=\"lazy\" decoding=\"async\" class=\"aligncenter  wp-image-8933\" src=\"http:\/\/madeinzaragoza.es\/blog\/wp-content\/uploads\/2015\/01\/javier-anos-gran-relato.png\" alt=\"Javier Anos gran relato 2034\" width=\"612\" height=\"211\" srcset=\"http:\/\/madeinzaragoza.es\/blog\/wp-content\/uploads\/2015\/01\/javier-anos-gran-relato.png 765w, http:\/\/madeinzaragoza.es\/blog\/wp-content\/uploads\/2015\/01\/javier-anos-gran-relato-300x103.png 300w, http:\/\/madeinzaragoza.es\/blog\/wp-content\/uploads\/2015\/01\/javier-anos-gran-relato-625x215.png 625w, http:\/\/madeinzaragoza.es\/blog\/wp-content\/uploads\/2015\/01\/javier-anos-gran-relato-180x62.png 180w, http:\/\/madeinzaragoza.es\/blog\/wp-content\/uploads\/2015\/01\/javier-anos-gran-relato-350x120.png 350w\" sizes=\"(max-width: 612px) 85vw, 612px\" \/><\/a><\/p>\n<p><a href=\"http:\/\/madeinzaragoza.es\/blog\/lab2034-el-gran-mapa-y-todas-las-ilustraciones-realizadas-por-david-guirao\/\"><img loading=\"lazy\" decoding=\"async\" class=\"aligncenter wp-image-8935\" src=\"http:\/\/madeinzaragoza.es\/blog\/wp-content\/uploads\/2015\/01\/david-guirao-gran-mapa1.png\" alt=\"David Guirao Gran Mapa\" width=\"614\" height=\"212\" srcset=\"http:\/\/madeinzaragoza.es\/blog\/wp-content\/uploads\/2015\/01\/david-guirao-gran-mapa1.png 765w, http:\/\/madeinzaragoza.es\/blog\/wp-content\/uploads\/2015\/01\/david-guirao-gran-mapa1-300x103.png 300w, http:\/\/madeinzaragoza.es\/blog\/wp-content\/uploads\/2015\/01\/david-guirao-gran-mapa1-625x215.png 625w, http:\/\/madeinzaragoza.es\/blog\/wp-content\/uploads\/2015\/01\/david-guirao-gran-mapa1-180x62.png 180w, http:\/\/madeinzaragoza.es\/blog\/wp-content\/uploads\/2015\/01\/david-guirao-gran-mapa1-350x120.png 350w\" sizes=\"(max-width: 614px) 85vw, 614px\" \/><\/a><\/p>\n<p>&nbsp;<\/p>\n<p>&nbsp;<\/p>\n<p>&nbsp;<\/p>\n<p>&nbsp;<\/p>\n<p style=\"text-align: right;\"><em>Relator\u00eda Digital de LAB2034: M\u00f3nica Gim\u00e9nez @misstechin<\/em><\/p>\n","protected":false},"excerpt":{"rendered":"<p>Con LAB2034 queremos\u00a0hablar sobre\u00a0la Zaragoza del futuro. \u00bfHabr\u00e1 pantallas interactivas en las fachadas de los edificios? \u00bfSer\u00e1n todos los contenidos digitales? \u00bfHabr\u00e1 redes de transporte p\u00fablico masivo? \u00bfQu\u00e9 ser\u00e1 de la gran industria? \u00bfEl amor ser\u00e1 virtual? \u00bfTendremos nuestras propias huertas y seremos autosuficientes? \u00bfExistir\u00e1 una ciudadan\u00eda desprogramada y controlada?\u00a0 Abrir el futuro, reinventar\/reforzar la &hellip; <a href=\"http:\/\/madeinzaragoza.es\/blog\/lab2034-un-relato-sobre-la-zaragoza-del-futuro\/\" class=\"more-link\">Continuar leyendo<span class=\"screen-reader-text\"> \u00abLAB2034: un relato sobre la Zaragoza del futuro\u00bb<\/span><\/a><\/p>\n","protected":false},"author":3,"featured_media":0,"parent":0,"menu_order":0,"comment_status":"open","ping_status":"open","template":"template-full-width.php","meta":{"footnotes":""},"yoast_head":"<!-- This site is optimized with the Yoast SEO plugin v19.7.2 - https:\/\/yoast.com\/wordpress\/plugins\/seo\/ -->\n<title>LAB2034: un relato sobre la Zaragoza del futuro<\/title>\n<meta name=\"description\" content=\"Con LAB2034 queremos hablar sobre la Zaragoza del futuro. \u00bfHabr\u00e1 pantallas interactivas en las fachadas de los edificios? \u00bfSer\u00e1n todos los contenidos digitales? \u00bfHabr\u00e1 redes de transporte p\u00fablico masivo? \u00bfQu\u00e9 ser\u00e1 de la gran industria? \u00bfEl amor ser\u00e1 virtual?\" \/>\n<meta name=\"robots\" content=\"index, follow, max-snippet:-1, max-image-preview:large, max-video-preview:-1\" \/>\n<link rel=\"canonical\" href=\"http:\/\/madeinzaragoza.es\/blog\/lab2034-un-relato-sobre-la-zaragoza-del-futuro\/\" \/>\n<meta property=\"og:locale\" content=\"es_ES\" \/>\n<meta property=\"og:type\" content=\"article\" \/>\n<meta property=\"og:title\" content=\"LAB2034: un relato sobre la Zaragoza del futuro\" \/>\n<meta property=\"og:description\" content=\"Con LAB2034 queremos hablar sobre la Zaragoza del futuro. \u00bfHabr\u00e1 pantallas interactivas en las fachadas de los edificios? \u00bfSer\u00e1n todos los contenidos digitales? \u00bfHabr\u00e1 redes de transporte p\u00fablico masivo? \u00bfQu\u00e9 ser\u00e1 de la gran industria? \u00bfEl amor ser\u00e1 virtual?\" \/>\n<meta property=\"og:url\" content=\"http:\/\/madeinzaragoza.es\/blog\/lab2034-un-relato-sobre-la-zaragoza-del-futuro\/\" \/>\n<meta property=\"og:site_name\" content=\"Made in Zaragoza\" \/>\n<meta property=\"article:publisher\" content=\"https:\/\/www.facebook.com\/madeinzaragoza.es\/\" \/>\n<meta property=\"article:modified_time\" content=\"2018-07-04T04:29:12+00:00\" \/>\n<meta property=\"og:image\" content=\"http:\/\/madeinzaragoza.es\/blog\/wp-content\/uploads\/2015\/01\/Proceso-LAB-2-150x150.png\" \/>\n<meta name=\"twitter:card\" content=\"summary\" \/>\n<meta name=\"twitter:site\" content=\"@madeinzaragoza\" \/>\n<meta name=\"twitter:label1\" content=\"Tiempo de lectura\" \/>\n\t<meta name=\"twitter:data1\" content=\"2 minutos\" \/>\n<script type=\"application\/ld+json\" class=\"yoast-schema-graph\">{\"@context\":\"https:\/\/schema.org\",\"@graph\":[{\"@type\":\"WebPage\",\"@id\":\"http:\/\/madeinzaragoza.es\/blog\/lab2034-un-relato-sobre-la-zaragoza-del-futuro\/\",\"url\":\"http:\/\/madeinzaragoza.es\/blog\/lab2034-un-relato-sobre-la-zaragoza-del-futuro\/\",\"name\":\"LAB2034: un relato sobre la Zaragoza del futuro\",\"isPartOf\":{\"@id\":\"http:\/\/madeinzaragoza.es\/blog\/#website\"},\"datePublished\":\"2015-01-25T20:44:17+00:00\",\"dateModified\":\"2018-07-04T04:29:12+00:00\",\"description\":\"Con LAB2034 queremos hablar sobre la Zaragoza del futuro. \u00bfHabr\u00e1 pantallas interactivas en las fachadas de los edificios? \u00bfSer\u00e1n todos los contenidos digitales? \u00bfHabr\u00e1 redes de transporte p\u00fablico masivo? \u00bfQu\u00e9 ser\u00e1 de la gran industria? \u00bfEl amor ser\u00e1 virtual?\",\"breadcrumb\":{\"@id\":\"http:\/\/madeinzaragoza.es\/blog\/lab2034-un-relato-sobre-la-zaragoza-del-futuro\/#breadcrumb\"},\"inLanguage\":\"es\",\"potentialAction\":[{\"@type\":\"ReadAction\",\"target\":[\"http:\/\/madeinzaragoza.es\/blog\/lab2034-un-relato-sobre-la-zaragoza-del-futuro\/\"]}]},{\"@type\":\"BreadcrumbList\",\"@id\":\"http:\/\/madeinzaragoza.es\/blog\/lab2034-un-relato-sobre-la-zaragoza-del-futuro\/#breadcrumb\",\"itemListElement\":[{\"@type\":\"ListItem\",\"position\":1,\"name\":\"Portada\",\"item\":\"http:\/\/madeinzaragoza.es\/blog\/\"},{\"@type\":\"ListItem\",\"position\":2,\"name\":\"LAB2034: un relato sobre la Zaragoza del futuro\"}]},{\"@type\":\"WebSite\",\"@id\":\"http:\/\/madeinzaragoza.es\/blog\/#website\",\"url\":\"http:\/\/madeinzaragoza.es\/blog\/\",\"name\":\"Made in Zaragoza\",\"description\":\"Blog de MadeinZGZ, Red de Econom\u00eda Creativa de Zaragoza\",\"publisher\":{\"@id\":\"http:\/\/madeinzaragoza.es\/blog\/#organization\"},\"potentialAction\":[{\"@type\":\"SearchAction\",\"target\":{\"@type\":\"EntryPoint\",\"urlTemplate\":\"http:\/\/madeinzaragoza.es\/blog\/?s={search_term_string}\"},\"query-input\":\"required name=search_term_string\"}],\"inLanguage\":\"es\"},{\"@type\":\"Organization\",\"@id\":\"http:\/\/madeinzaragoza.es\/blog\/#organization\",\"name\":\"Made In Zaragoza\",\"url\":\"http:\/\/madeinzaragoza.es\/blog\/\",\"sameAs\":[\"https:\/\/www.instagram.com\/madeinzaragoza.es\/\",\"https:\/\/www.facebook.com\/madeinzaragoza.es\/\",\"https:\/\/twitter.com\/madeinzaragoza\"],\"logo\":{\"@type\":\"ImageObject\",\"inLanguage\":\"es\",\"@id\":\"http:\/\/madeinzaragoza.es\/blog\/#\/schema\/logo\/image\/\",\"url\":\"https:\/\/madeinzaragoza.es\/blog\/wp-content\/uploads\/2022\/05\/logo.png\",\"contentUrl\":\"https:\/\/madeinzaragoza.es\/blog\/wp-content\/uploads\/2022\/05\/logo.png\",\"width\":193,\"height\":176,\"caption\":\"Made In Zaragoza\"},\"image\":{\"@id\":\"http:\/\/madeinzaragoza.es\/blog\/#\/schema\/logo\/image\/\"}}]}<\/script>\n<!-- \/ Yoast SEO plugin. -->","yoast_head_json":{"title":"LAB2034: un relato sobre la Zaragoza del futuro","description":"Con LAB2034 queremos hablar sobre la Zaragoza del futuro. \u00bfHabr\u00e1 pantallas interactivas en las fachadas de los edificios? \u00bfSer\u00e1n todos los contenidos digitales? \u00bfHabr\u00e1 redes de transporte p\u00fablico masivo? \u00bfQu\u00e9 ser\u00e1 de la gran industria? \u00bfEl amor ser\u00e1 virtual?","robots":{"index":"index","follow":"follow","max-snippet":"max-snippet:-1","max-image-preview":"max-image-preview:large","max-video-preview":"max-video-preview:-1"},"canonical":"http:\/\/madeinzaragoza.es\/blog\/lab2034-un-relato-sobre-la-zaragoza-del-futuro\/","og_locale":"es_ES","og_type":"article","og_title":"LAB2034: un relato sobre la Zaragoza del futuro","og_description":"Con LAB2034 queremos hablar sobre la Zaragoza del futuro. \u00bfHabr\u00e1 pantallas interactivas en las fachadas de los edificios? \u00bfSer\u00e1n todos los contenidos digitales? \u00bfHabr\u00e1 redes de transporte p\u00fablico masivo? \u00bfQu\u00e9 ser\u00e1 de la gran industria? \u00bfEl amor ser\u00e1 virtual?","og_url":"http:\/\/madeinzaragoza.es\/blog\/lab2034-un-relato-sobre-la-zaragoza-del-futuro\/","og_site_name":"Made in Zaragoza","article_publisher":"https:\/\/www.facebook.com\/madeinzaragoza.es\/","article_modified_time":"2018-07-04T04:29:12+00:00","og_image":[{"url":"http:\/\/madeinzaragoza.es\/blog\/wp-content\/uploads\/2015\/01\/Proceso-LAB-2-150x150.png"}],"twitter_card":"summary","twitter_site":"@madeinzaragoza","twitter_misc":{"Tiempo de lectura":"2 minutos"},"schema":{"@context":"https:\/\/schema.org","@graph":[{"@type":"WebPage","@id":"http:\/\/madeinzaragoza.es\/blog\/lab2034-un-relato-sobre-la-zaragoza-del-futuro\/","url":"http:\/\/madeinzaragoza.es\/blog\/lab2034-un-relato-sobre-la-zaragoza-del-futuro\/","name":"LAB2034: un relato sobre la Zaragoza del futuro","isPartOf":{"@id":"http:\/\/madeinzaragoza.es\/blog\/#website"},"datePublished":"2015-01-25T20:44:17+00:00","dateModified":"2018-07-04T04:29:12+00:00","description":"Con LAB2034 queremos hablar sobre la Zaragoza del futuro. \u00bfHabr\u00e1 pantallas interactivas en las fachadas de los edificios? \u00bfSer\u00e1n todos los contenidos digitales? \u00bfHabr\u00e1 redes de transporte p\u00fablico masivo? \u00bfQu\u00e9 ser\u00e1 de la gran industria? \u00bfEl amor ser\u00e1 virtual?","breadcrumb":{"@id":"http:\/\/madeinzaragoza.es\/blog\/lab2034-un-relato-sobre-la-zaragoza-del-futuro\/#breadcrumb"},"inLanguage":"es","potentialAction":[{"@type":"ReadAction","target":["http:\/\/madeinzaragoza.es\/blog\/lab2034-un-relato-sobre-la-zaragoza-del-futuro\/"]}]},{"@type":"BreadcrumbList","@id":"http:\/\/madeinzaragoza.es\/blog\/lab2034-un-relato-sobre-la-zaragoza-del-futuro\/#breadcrumb","itemListElement":[{"@type":"ListItem","position":1,"name":"Portada","item":"http:\/\/madeinzaragoza.es\/blog\/"},{"@type":"ListItem","position":2,"name":"LAB2034: un relato sobre la Zaragoza del futuro"}]},{"@type":"WebSite","@id":"http:\/\/madeinzaragoza.es\/blog\/#website","url":"http:\/\/madeinzaragoza.es\/blog\/","name":"Made in Zaragoza","description":"Blog de MadeinZGZ, Red de Econom\u00eda Creativa de Zaragoza","publisher":{"@id":"http:\/\/madeinzaragoza.es\/blog\/#organization"},"potentialAction":[{"@type":"SearchAction","target":{"@type":"EntryPoint","urlTemplate":"http:\/\/madeinzaragoza.es\/blog\/?s={search_term_string}"},"query-input":"required name=search_term_string"}],"inLanguage":"es"},{"@type":"Organization","@id":"http:\/\/madeinzaragoza.es\/blog\/#organization","name":"Made In Zaragoza","url":"http:\/\/madeinzaragoza.es\/blog\/","sameAs":["https:\/\/www.instagram.com\/madeinzaragoza.es\/","https:\/\/www.facebook.com\/madeinzaragoza.es\/","https:\/\/twitter.com\/madeinzaragoza"],"logo":{"@type":"ImageObject","inLanguage":"es","@id":"http:\/\/madeinzaragoza.es\/blog\/#\/schema\/logo\/image\/","url":"https:\/\/madeinzaragoza.es\/blog\/wp-content\/uploads\/2022\/05\/logo.png","contentUrl":"https:\/\/madeinzaragoza.es\/blog\/wp-content\/uploads\/2022\/05\/logo.png","width":193,"height":176,"caption":"Made In Zaragoza"},"image":{"@id":"http:\/\/madeinzaragoza.es\/blog\/#\/schema\/logo\/image\/"}}]}},"_links":{"self":[{"href":"http:\/\/madeinzaragoza.es\/blog\/wp-json\/wp\/v2\/pages\/8293"}],"collection":[{"href":"http:\/\/madeinzaragoza.es\/blog\/wp-json\/wp\/v2\/pages"}],"about":[{"href":"http:\/\/madeinzaragoza.es\/blog\/wp-json\/wp\/v2\/types\/page"}],"author":[{"embeddable":true,"href":"http:\/\/madeinzaragoza.es\/blog\/wp-json\/wp\/v2\/users\/3"}],"replies":[{"embeddable":true,"href":"http:\/\/madeinzaragoza.es\/blog\/wp-json\/wp\/v2\/comments?post=8293"}],"version-history":[{"count":18,"href":"http:\/\/madeinzaragoza.es\/blog\/wp-json\/wp\/v2\/pages\/8293\/revisions"}],"predecessor-version":[{"id":8952,"href":"http:\/\/madeinzaragoza.es\/blog\/wp-json\/wp\/v2\/pages\/8293\/revisions\/8952"}],"wp:attachment":[{"href":"http:\/\/madeinzaragoza.es\/blog\/wp-json\/wp\/v2\/media?parent=8293"}],"curies":[{"name":"wp","href":"https:\/\/api.w.org\/{rel}","templated":true}]}}