{"version":"1.0","provider_name":"Made in Zaragoza","provider_url":"http:\/\/madeinzaragoza.es\/blog","author_name":"MadeinZGZ","author_url":"http:\/\/madeinzaragoza.es\/blog\/author\/madeinzgz\/","title":"Raquel G\u00e1lvez, un dise\u00f1o de cine. - Made in Zaragoza","type":"rich","width":600,"height":338,"html":"<blockquote class=\"wp-embedded-content\" data-secret=\"CJtI6lr3vV\"><a href=\"http:\/\/madeinzaragoza.es\/blog\/raquel-galvez-un-diseno-de-cine\/\">Raquel G\u00e1lvez, un dise\u00f1o de cine.<\/a><\/blockquote><iframe sandbox=\"allow-scripts\" security=\"restricted\" src=\"http:\/\/madeinzaragoza.es\/blog\/raquel-galvez-un-diseno-de-cine\/embed\/#?secret=CJtI6lr3vV\" width=\"600\" height=\"338\" title=\"\u00abRaquel G\u00e1lvez, un dise\u00f1o de cine.\u00bb \u2014 Made in Zaragoza\" data-secret=\"CJtI6lr3vV\" frameborder=\"0\" marginwidth=\"0\" marginheight=\"0\" scrolling=\"no\" class=\"wp-embedded-content\"><\/iframe><script type=\"text\/javascript\">\n\/* <![CDATA[ *\/\n\/*! This file is auto-generated *\/\n!function(d,l){\"use strict\";l.querySelector&&d.addEventListener&&\"undefined\"!=typeof URL&&(d.wp=d.wp||{},d.wp.receiveEmbedMessage||(d.wp.receiveEmbedMessage=function(e){var t=e.data;if((t||t.secret||t.message||t.value)&&!\/[^a-zA-Z0-9]\/.test(t.secret)){for(var s,r,n,a=l.querySelectorAll('iframe[data-secret=\"'+t.secret+'\"]'),o=l.querySelectorAll('blockquote[data-secret=\"'+t.secret+'\"]'),c=new RegExp(\"^https?:$\",\"i\"),i=0;i<o.length;i++)o[i].style.display=\"none\";for(i=0;i<a.length;i++)s=a[i],e.source===s.contentWindow&&(s.removeAttribute(\"style\"),\"height\"===t.message?(1e3<(r=parseInt(t.value,10))?r=1e3:~~r<200&&(r=200),s.height=r):\"link\"===t.message&&(r=new URL(s.getAttribute(\"src\")),n=new URL(t.value),c.test(n.protocol))&&n.host===r.host&&l.activeElement===s&&(d.top.location.href=t.value))}},d.addEventListener(\"message\",d.wp.receiveEmbedMessage,!1),l.addEventListener(\"DOMContentLoaded\",function(){for(var e,t,s=l.querySelectorAll(\"iframe.wp-embedded-content\"),r=0;r<s.length;r++)(t=(e=s[r]).getAttribute(\"data-secret\"))||(t=Math.random().toString(36).substring(2,12),e.src+=\"#?secret=\"+t,e.setAttribute(\"data-secret\",t)),e.contentWindow.postMessage({message:\"ready\",secret:t},\"*\")},!1)))}(window,document);\n\/* ]]> *\/\n<\/script>\n","thumbnail_url":"http:\/\/madeinzaragoza.es\/blog\/wp-content\/uploads\/2014\/02\/raquelgalvez.jpg","thumbnail_width":620,"thumbnail_height":510,"description":"Con tan solo 24 a\u00f1os Raquel Galvez ha sido elegida para vestir a algunos de los entregadores de las estatuillas en la gala de los Goya. Adem\u00e1s, obtuvo el primer premio nacional en la categor\u00eda de moda de un concurso europeo realizado por Chevrolet y represent\u00f3 a Espa\u00f1a en la fase europea en Londres. Tambi\u00e9n &hellip; Continuar leyendo \"\""}