{"version":"1.0","provider_name":"Made in Zaragoza","provider_url":"http:\/\/madeinzaragoza.es\/blog","author_name":"Elena del Diego","author_url":"http:\/\/madeinzaragoza.es\/blog\/author\/elena-del-diego\/","title":"El coraz\u00f3n de zanahoria de Jos\u00e9 Mo\u00f1\u00fa en C\u00f3rner Educa - Made in Zaragoza","type":"rich","width":600,"height":338,"html":"<blockquote class=\"wp-embedded-content\" data-secret=\"Q7f9zQKKGB\"><a href=\"http:\/\/madeinzaragoza.es\/blog\/corazon-zanahoria-jose-monu-corner-educa\/\">El coraz\u00f3n de zanahoria de Jos\u00e9 Mo\u00f1\u00fa en C\u00f3rner Educa<\/a><\/blockquote><iframe sandbox=\"allow-scripts\" security=\"restricted\" src=\"http:\/\/madeinzaragoza.es\/blog\/corazon-zanahoria-jose-monu-corner-educa\/embed\/#?secret=Q7f9zQKKGB\" width=\"600\" height=\"338\" title=\"\u00abEl coraz\u00f3n de zanahoria de Jos\u00e9 Mo\u00f1\u00fa en C\u00f3rner Educa\u00bb \u2014 Made in Zaragoza\" data-secret=\"Q7f9zQKKGB\" frameborder=\"0\" marginwidth=\"0\" marginheight=\"0\" scrolling=\"no\" class=\"wp-embedded-content\"><\/iframe><script type=\"text\/javascript\">\n\/* <![CDATA[ *\/\n\/*! This file is auto-generated *\/\n!function(d,l){\"use strict\";l.querySelector&&d.addEventListener&&\"undefined\"!=typeof URL&&(d.wp=d.wp||{},d.wp.receiveEmbedMessage||(d.wp.receiveEmbedMessage=function(e){var t=e.data;if((t||t.secret||t.message||t.value)&&!\/[^a-zA-Z0-9]\/.test(t.secret)){for(var s,r,n,a=l.querySelectorAll('iframe[data-secret=\"'+t.secret+'\"]'),o=l.querySelectorAll('blockquote[data-secret=\"'+t.secret+'\"]'),c=new RegExp(\"^https?:$\",\"i\"),i=0;i<o.length;i++)o[i].style.display=\"none\";for(i=0;i<a.length;i++)s=a[i],e.source===s.contentWindow&&(s.removeAttribute(\"style\"),\"height\"===t.message?(1e3<(r=parseInt(t.value,10))?r=1e3:~~r<200&&(r=200),s.height=r):\"link\"===t.message&&(r=new URL(s.getAttribute(\"src\")),n=new URL(t.value),c.test(n.protocol))&&n.host===r.host&&l.activeElement===s&&(d.top.location.href=t.value))}},d.addEventListener(\"message\",d.wp.receiveEmbedMessage,!1),l.addEventListener(\"DOMContentLoaded\",function(){for(var e,t,s=l.querySelectorAll(\"iframe.wp-embedded-content\"),r=0;r<s.length;r++)(t=(e=s[r]).getAttribute(\"data-secret\"))||(t=Math.random().toString(36).substring(2,12),e.src+=\"#?secret=\"+t,e.setAttribute(\"data-secret\",t)),e.contentWindow.postMessage({message:\"ready\",secret:t},\"*\")},!1)))}(window,document);\n\/* ]]> *\/\n<\/script>\n","thumbnail_url":"http:\/\/madeinzaragoza.es\/blog\/wp-content\/uploads\/2017\/02\/mo\u00f1u-1200.jpg","thumbnail_width":1210,"thumbnail_height":679,"description":"Jos\u00e9 Mo\u00f1\u00fa ha sido el \u00faltimo artista en participar en el proyecto C\u00f3rner MIZ en su edici\u00f3n 2016, bajo el eje tem\u00e1tico \u201cObjeto de deseo\u201d. El pasado 27 de enero tuvo lugar la \u00faltima actividad del proyecto did\u00e1ctico C\u00f3rner Educa, gracias al cual alumnos de Educaci\u00f3n Secundaria, Bachillerato y Grados formativos pueden acercarse a la &hellip; Continuar leyendo \"\""}